{"id":5429,"date":"2024-03-12T16:50:23","date_gmt":"2024-03-12T15:50:23","guid":{"rendered":"https:\/\/afcytometrie.fr\/?post_type=evenement&#038;p=5429"},"modified":"2024-03-12T16:50:25","modified_gmt":"2024-03-12T15:50:25","slug":"groupe-cytometrie-de-masse-afc-il-12-and-il-23-paradoxical-behavior-in-inflammation-and-cancer","status":"publish","type":"evenement","link":"https:\/\/afcytometrie.fr\/en\/evenement\/groupe-cytometrie-de-masse-afc-il-12-and-il-23-paradoxical-behavior-in-inflammation-and-cancer\/","title":{"rendered":"Groupe Cytom\u00e9trie de masse AFC : IL-12 and IL-23: paradoxical behavior in inflammation and cancer"},"content":{"rendered":"<div class=\"wp-block-image\">\n<figure class=\"aligncenter size-large is-resized\"><img decoding=\"async\" width=\"1024\" height=\"657\" data-src=\"https:\/\/afcytometrie.fr\/wp-content\/uploads\/2023\/05\/image-1-1024x657.png\" alt=\"\" class=\"wp-image-4331 lazyload\" style=\"--smush-placeholder-width: 1024px; --smush-placeholder-aspect-ratio: 1024\/657;width:310px;height:auto\" data-srcset=\"https:\/\/afcytometrie.fr\/wp-content\/uploads\/2023\/05\/image-1-1024x657.png 1024w, https:\/\/afcytometrie.fr\/wp-content\/uploads\/2023\/05\/image-1-300x192.png 300w, https:\/\/afcytometrie.fr\/wp-content\/uploads\/2023\/05\/image-1-768x493.png 768w, https:\/\/afcytometrie.fr\/wp-content\/uploads\/2023\/05\/image-1-1536x985.png 1536w, https:\/\/afcytometrie.fr\/wp-content\/uploads\/2023\/05\/image-1-350x225.png 350w, https:\/\/afcytometrie.fr\/wp-content\/uploads\/2023\/05\/image-1-421x270.png 421w, https:\/\/afcytometrie.fr\/wp-content\/uploads\/2023\/05\/image-1-600x385.png 600w, https:\/\/afcytometrie.fr\/wp-content\/uploads\/2023\/05\/image-1.png 1785w\" data-sizes=\"(max-width: 1024px) 100vw, 1024px\" src=\"data:image\/svg+xml;base64,PHN2ZyB3aWR0aD0iMSIgaGVpZ2h0PSIxIiB4bWxucz0iaHR0cDovL3d3dy53My5vcmcvMjAwMC9zdmciPjwvc3ZnPg==\" \/><\/figure>\n<\/div>\n\n\n<p class=\"has-text-align-center\">Le groupe de travail \u201cCytom\u00e9trie de masse&#8221; de l&#8217;Association Fran\u00e7aise de Cytom\u00e9trie est heureux de vous inviter \u00e0 son prochain webinaire :<\/p>\n\n\n\n<p class=\"has-text-align-center has-vivid-red-color has-text-color has-link-color wp-elements-8b8644a1084eed9d441ba66cca701a99\">Le 28 Mars 2024 \u00e0 12h30<\/p>\n\n\n\n<p class=\"has-text-align-center has-vivid-cyan-blue-color has-text-color has-link-color has-medium-font-size wp-elements-7f0fa745724ba0323fef216b0b09436f\"><strong>IL-12 et IL-23 : comportement paradoxal dans l&#8217;inflammation et le cancer<\/strong><\/p>\n\n\n\n<p class=\"has-text-align-center\">Pr\u00e9sent\u00e9 par <strong>Pr. Burkhard Becher<\/strong><\/p>\n\n\n\n<p class=\"has-text-align-center\">University of Zurich,\u00a0Institute of\u00a0Experimental Immunology<\/p>\n\n\n\n<p><strong>Lien Zoom<\/strong>: <a href=\"https:\/\/univ-amu-fr.zoom.us\/j\/81537671135?pwd=VzJkTUtFdWVTMm0weUZvaVE1NTE3dz09\" target=\"_blank\" rel=\"noreferrer noopener\">https:\/\/univ-amu-fr.zoom.us\/j\/81537671135?pwd=VzJkTUtFdWVTMm0weUZvaVE1NTE3dz09<\/a><\/p>\n\n\n\n<p class=\"has-text-align-center\">Code : 275002<\/p>\n\n\n\n<p class=\"has-text-align-center\"><em>IL-12 and IL-23 are closely related cytokines and represent the most proinflammatory mediators of the IL-12 superfamily. Both cytokines are structurally similar and share both producing and sensing cell types. While IL-12 is a canonical TH type I inducing mediator, IL-23 is firmly linked with type III immunity. Both cytokines are considered central mediators of TH cell polarization and are linked with inflammation and even immunopathology. However, whilst IL-12 stimulates type 1 lymphocytes and can eliminate established tumors, the loss of IL-12 leads to drastically enhanced inflammation across various models of chronic inflammatory disease and autoimmunity. Likewise, IL-23, which plays a non-redundant function in the development of autoimmunity and type 3 immune responses, it also increases tumor growth. These at first glance paradoxically appearing properties form the focus of this presentation. I will discuss the discoveries around IL-12 and IL-23 from a historical perspective, taking into account the most recent findings on their immunoregulatory properties in the context of inflammation and cancer in particular and immunity in general.<\/em><\/p>\n","protected":false},"template":"","typesevenement":[58],"class_list":["post-5429","evenement","type-evenement","status-publish","hentry","typesevenement-webinars-groupes-thematiques-en"],"acf":[],"yoast_head":"<!-- This site is optimized with the Yoast SEO plugin v26.2 - https:\/\/yoast.com\/wordpress\/plugins\/seo\/ -->\n<title>Groupe Cytom\u00e9trie de masse AFC : IL-12 and IL-23: paradoxical behavior in inflammation and cancer - AFC<\/title>\n<meta name=\"robots\" content=\"index, follow, max-snippet:-1, max-image-preview:large, max-video-preview:-1\" \/>\n<link rel=\"canonical\" href=\"https:\/\/afcytometrie.fr\/en\/evenement\/groupe-cytometrie-de-masse-afc-il-12-and-il-23-paradoxical-behavior-in-inflammation-and-cancer\/\" \/>\n<meta property=\"og:locale\" content=\"en_US\" \/>\n<meta property=\"og:type\" content=\"article\" \/>\n<meta property=\"og:title\" content=\"Groupe Cytom\u00e9trie de masse AFC : IL-12 and IL-23: paradoxical behavior in inflammation and cancer - AFC\" \/>\n<meta property=\"og:description\" content=\"Le groupe de travail \u201cCytom\u00e9trie de masse&#8221; de l&#8217;Association Fran\u00e7aise de Cytom\u00e9trie est heureux de vous inviter \u00e0 son prochain webinaire : Le 28 Mars 2024 \u00e0 12h30 IL-12 et IL-23 : comportement paradoxal dans l&#8217;inflammation et le cancer Pr\u00e9sent\u00e9 par Pr. Burkhard Becher University of Zurich,\u00a0Institute of\u00a0Experimental Immunology Lien Zoom: https:\/\/univ-amu-fr.zoom.us\/j\/81537671135?pwd=VzJkTUtFdWVTMm0weUZvaVE1NTE3dz09 Code : 275002 IL-12 and IL-23 are closely related cytokines and represent the most proinflammatory mediators of the IL-12 superfamily. Both cytokines are structurally similar and share both producing and sensing cell types. While IL-12 is a canonical TH type I inducing mediator, IL-23 is firmly linked with type III immunity. Both cytokines are considered central mediators of TH cell polarization and are linked with inflammation and even immunopathology. However, whilst IL-12 stimulates type 1 lymphocytes and can eliminate established tumors, the loss of IL-12 leads to drastically enhanced inflammation across various models of chronic inflammatory disease and autoimmunity. Likewise, IL-23, which plays a non-redundant function in the development of autoimmunity and type 3 immune responses, it also increases tumor growth. These at first glance paradoxically appearing properties form the focus of this presentation. I will discuss the discoveries around IL-12 and IL-23 from a historical perspective, taking [&hellip;]\" \/>\n<meta property=\"og:url\" content=\"https:\/\/afcytometrie.fr\/en\/evenement\/groupe-cytometrie-de-masse-afc-il-12-and-il-23-paradoxical-behavior-in-inflammation-and-cancer\/\" \/>\n<meta property=\"og:site_name\" content=\"AFC\" \/>\n<meta property=\"article:modified_time\" content=\"2024-03-12T15:50:25+00:00\" \/>\n<meta property=\"og:image\" content=\"https:\/\/afcytometrie.fr\/wp-content\/uploads\/2023\/05\/image-1-1024x657.png\" \/>\n<meta name=\"twitter:card\" content=\"summary_large_image\" \/>\n<meta name=\"twitter:label1\" content=\"Est. reading time\" \/>\n\t<meta name=\"twitter:data1\" content=\"2 minutes\" \/>\n<script type=\"application\/ld+json\" class=\"yoast-schema-graph\">{\"@context\":\"https:\/\/schema.org\",\"@graph\":[{\"@type\":\"WebPage\",\"@id\":\"https:\/\/afcytometrie.fr\/en\/evenement\/groupe-cytometrie-de-masse-afc-il-12-and-il-23-paradoxical-behavior-in-inflammation-and-cancer\/\",\"url\":\"https:\/\/afcytometrie.fr\/en\/evenement\/groupe-cytometrie-de-masse-afc-il-12-and-il-23-paradoxical-behavior-in-inflammation-and-cancer\/\",\"name\":\"Groupe Cytom\u00e9trie de masse AFC : IL-12 and IL-23: paradoxical behavior in inflammation and cancer - AFC\",\"isPartOf\":{\"@id\":\"https:\/\/afcytometrie.fr\/en\/#website\"},\"primaryImageOfPage\":{\"@id\":\"https:\/\/afcytometrie.fr\/en\/evenement\/groupe-cytometrie-de-masse-afc-il-12-and-il-23-paradoxical-behavior-in-inflammation-and-cancer\/#primaryimage\"},\"image\":{\"@id\":\"https:\/\/afcytometrie.fr\/en\/evenement\/groupe-cytometrie-de-masse-afc-il-12-and-il-23-paradoxical-behavior-in-inflammation-and-cancer\/#primaryimage\"},\"thumbnailUrl\":\"https:\/\/afcytometrie.fr\/wp-content\/uploads\/2023\/05\/image-1-1024x657.png\",\"datePublished\":\"2024-03-12T15:50:23+00:00\",\"dateModified\":\"2024-03-12T15:50:25+00:00\",\"breadcrumb\":{\"@id\":\"https:\/\/afcytometrie.fr\/en\/evenement\/groupe-cytometrie-de-masse-afc-il-12-and-il-23-paradoxical-behavior-in-inflammation-and-cancer\/#breadcrumb\"},\"inLanguage\":\"en-US\",\"potentialAction\":[{\"@type\":\"ReadAction\",\"target\":[\"https:\/\/afcytometrie.fr\/en\/evenement\/groupe-cytometrie-de-masse-afc-il-12-and-il-23-paradoxical-behavior-in-inflammation-and-cancer\/\"]}]},{\"@type\":\"ImageObject\",\"inLanguage\":\"en-US\",\"@id\":\"https:\/\/afcytometrie.fr\/en\/evenement\/groupe-cytometrie-de-masse-afc-il-12-and-il-23-paradoxical-behavior-in-inflammation-and-cancer\/#primaryimage\",\"url\":\"https:\/\/afcytometrie.fr\/wp-content\/uploads\/2023\/05\/image-1-1024x657.png\",\"contentUrl\":\"https:\/\/afcytometrie.fr\/wp-content\/uploads\/2023\/05\/image-1-1024x657.png\"},{\"@type\":\"BreadcrumbList\",\"@id\":\"https:\/\/afcytometrie.fr\/en\/evenement\/groupe-cytometrie-de-masse-afc-il-12-and-il-23-paradoxical-behavior-in-inflammation-and-cancer\/#breadcrumb\",\"itemListElement\":[{\"@type\":\"ListItem\",\"position\":1,\"name\":\"Ev\u00e9nements\",\"item\":\"https:\/\/afcytometrie.fr\/en\/evenements\/\"},{\"@type\":\"ListItem\",\"position\":2,\"name\":\"Groupe Cytom\u00e9trie de masse AFC : IL-12 and IL-23: paradoxical behavior in inflammation and cancer\"}]},{\"@type\":\"WebSite\",\"@id\":\"https:\/\/afcytometrie.fr\/en\/#website\",\"url\":\"https:\/\/afcytometrie.fr\/en\/\",\"name\":\"AFC\",\"description\":\"Un site utilisant WordPress\",\"publisher\":{\"@id\":\"https:\/\/afcytometrie.fr\/en\/#organization\"},\"potentialAction\":[{\"@type\":\"SearchAction\",\"target\":{\"@type\":\"EntryPoint\",\"urlTemplate\":\"https:\/\/afcytometrie.fr\/en\/?s={search_term_string}\"},\"query-input\":{\"@type\":\"PropertyValueSpecification\",\"valueRequired\":true,\"valueName\":\"search_term_string\"}}],\"inLanguage\":\"en-US\"},{\"@type\":\"Organization\",\"@id\":\"https:\/\/afcytometrie.fr\/en\/#organization\",\"name\":\"AFC\",\"url\":\"https:\/\/afcytometrie.fr\/en\/\",\"logo\":{\"@type\":\"ImageObject\",\"inLanguage\":\"en-US\",\"@id\":\"https:\/\/afcytometrie.fr\/en\/#\/schema\/logo\/image\/\",\"url\":\"https:\/\/afcytometrie.fr\/wp-content\/uploads\/2021\/05\/logo-AFC.jpg\",\"contentUrl\":\"https:\/\/afcytometrie.fr\/wp-content\/uploads\/2021\/05\/logo-AFC.jpg\",\"width\":240,\"height\":87,\"caption\":\"AFC\"},\"image\":{\"@id\":\"https:\/\/afcytometrie.fr\/en\/#\/schema\/logo\/image\/\"}}]}<\/script>\n<!-- \/ Yoast SEO plugin. -->","yoast_head_json":{"title":"Groupe Cytom\u00e9trie de masse AFC : IL-12 and IL-23: paradoxical behavior in inflammation and cancer - AFC","robots":{"index":"index","follow":"follow","max-snippet":"max-snippet:-1","max-image-preview":"max-image-preview:large","max-video-preview":"max-video-preview:-1"},"canonical":"https:\/\/afcytometrie.fr\/en\/evenement\/groupe-cytometrie-de-masse-afc-il-12-and-il-23-paradoxical-behavior-in-inflammation-and-cancer\/","og_locale":"en_US","og_type":"article","og_title":"Groupe Cytom\u00e9trie de masse AFC : IL-12 and IL-23: paradoxical behavior in inflammation and cancer - AFC","og_description":"Le groupe de travail \u201cCytom\u00e9trie de masse&#8221; de l&#8217;Association Fran\u00e7aise de Cytom\u00e9trie est heureux de vous inviter \u00e0 son prochain webinaire : Le 28 Mars 2024 \u00e0 12h30 IL-12 et IL-23 : comportement paradoxal dans l&#8217;inflammation et le cancer Pr\u00e9sent\u00e9 par Pr. Burkhard Becher University of Zurich,\u00a0Institute of\u00a0Experimental Immunology Lien Zoom: https:\/\/univ-amu-fr.zoom.us\/j\/81537671135?pwd=VzJkTUtFdWVTMm0weUZvaVE1NTE3dz09 Code : 275002 IL-12 and IL-23 are closely related cytokines and represent the most proinflammatory mediators of the IL-12 superfamily. Both cytokines are structurally similar and share both producing and sensing cell types. While IL-12 is a canonical TH type I inducing mediator, IL-23 is firmly linked with type III immunity. Both cytokines are considered central mediators of TH cell polarization and are linked with inflammation and even immunopathology. However, whilst IL-12 stimulates type 1 lymphocytes and can eliminate established tumors, the loss of IL-12 leads to drastically enhanced inflammation across various models of chronic inflammatory disease and autoimmunity. Likewise, IL-23, which plays a non-redundant function in the development of autoimmunity and type 3 immune responses, it also increases tumor growth. These at first glance paradoxically appearing properties form the focus of this presentation. I will discuss the discoveries around IL-12 and IL-23 from a historical perspective, taking [&hellip;]","og_url":"https:\/\/afcytometrie.fr\/en\/evenement\/groupe-cytometrie-de-masse-afc-il-12-and-il-23-paradoxical-behavior-in-inflammation-and-cancer\/","og_site_name":"AFC","article_modified_time":"2024-03-12T15:50:25+00:00","og_image":[{"url":"https:\/\/afcytometrie.fr\/wp-content\/uploads\/2023\/05\/image-1-1024x657.png","type":"","width":"","height":""}],"twitter_card":"summary_large_image","twitter_misc":{"Est. reading time":"2 minutes"},"schema":{"@context":"https:\/\/schema.org","@graph":[{"@type":"WebPage","@id":"https:\/\/afcytometrie.fr\/en\/evenement\/groupe-cytometrie-de-masse-afc-il-12-and-il-23-paradoxical-behavior-in-inflammation-and-cancer\/","url":"https:\/\/afcytometrie.fr\/en\/evenement\/groupe-cytometrie-de-masse-afc-il-12-and-il-23-paradoxical-behavior-in-inflammation-and-cancer\/","name":"Groupe Cytom\u00e9trie de masse AFC : IL-12 and IL-23: paradoxical behavior in inflammation and cancer - AFC","isPartOf":{"@id":"https:\/\/afcytometrie.fr\/en\/#website"},"primaryImageOfPage":{"@id":"https:\/\/afcytometrie.fr\/en\/evenement\/groupe-cytometrie-de-masse-afc-il-12-and-il-23-paradoxical-behavior-in-inflammation-and-cancer\/#primaryimage"},"image":{"@id":"https:\/\/afcytometrie.fr\/en\/evenement\/groupe-cytometrie-de-masse-afc-il-12-and-il-23-paradoxical-behavior-in-inflammation-and-cancer\/#primaryimage"},"thumbnailUrl":"https:\/\/afcytometrie.fr\/wp-content\/uploads\/2023\/05\/image-1-1024x657.png","datePublished":"2024-03-12T15:50:23+00:00","dateModified":"2024-03-12T15:50:25+00:00","breadcrumb":{"@id":"https:\/\/afcytometrie.fr\/en\/evenement\/groupe-cytometrie-de-masse-afc-il-12-and-il-23-paradoxical-behavior-in-inflammation-and-cancer\/#breadcrumb"},"inLanguage":"en-US","potentialAction":[{"@type":"ReadAction","target":["https:\/\/afcytometrie.fr\/en\/evenement\/groupe-cytometrie-de-masse-afc-il-12-and-il-23-paradoxical-behavior-in-inflammation-and-cancer\/"]}]},{"@type":"ImageObject","inLanguage":"en-US","@id":"https:\/\/afcytometrie.fr\/en\/evenement\/groupe-cytometrie-de-masse-afc-il-12-and-il-23-paradoxical-behavior-in-inflammation-and-cancer\/#primaryimage","url":"https:\/\/afcytometrie.fr\/wp-content\/uploads\/2023\/05\/image-1-1024x657.png","contentUrl":"https:\/\/afcytometrie.fr\/wp-content\/uploads\/2023\/05\/image-1-1024x657.png"},{"@type":"BreadcrumbList","@id":"https:\/\/afcytometrie.fr\/en\/evenement\/groupe-cytometrie-de-masse-afc-il-12-and-il-23-paradoxical-behavior-in-inflammation-and-cancer\/#breadcrumb","itemListElement":[{"@type":"ListItem","position":1,"name":"Ev\u00e9nements","item":"https:\/\/afcytometrie.fr\/en\/evenements\/"},{"@type":"ListItem","position":2,"name":"Groupe Cytom\u00e9trie de masse AFC : IL-12 and IL-23: paradoxical behavior in inflammation and cancer"}]},{"@type":"WebSite","@id":"https:\/\/afcytometrie.fr\/en\/#website","url":"https:\/\/afcytometrie.fr\/en\/","name":"AFC","description":"Un site utilisant WordPress","publisher":{"@id":"https:\/\/afcytometrie.fr\/en\/#organization"},"potentialAction":[{"@type":"SearchAction","target":{"@type":"EntryPoint","urlTemplate":"https:\/\/afcytometrie.fr\/en\/?s={search_term_string}"},"query-input":{"@type":"PropertyValueSpecification","valueRequired":true,"valueName":"search_term_string"}}],"inLanguage":"en-US"},{"@type":"Organization","@id":"https:\/\/afcytometrie.fr\/en\/#organization","name":"AFC","url":"https:\/\/afcytometrie.fr\/en\/","logo":{"@type":"ImageObject","inLanguage":"en-US","@id":"https:\/\/afcytometrie.fr\/en\/#\/schema\/logo\/image\/","url":"https:\/\/afcytometrie.fr\/wp-content\/uploads\/2021\/05\/logo-AFC.jpg","contentUrl":"https:\/\/afcytometrie.fr\/wp-content\/uploads\/2021\/05\/logo-AFC.jpg","width":240,"height":87,"caption":"AFC"},"image":{"@id":"https:\/\/afcytometrie.fr\/en\/#\/schema\/logo\/image\/"}}]}},"_links":{"self":[{"href":"https:\/\/afcytometrie.fr\/en\/wp-json\/wp\/v2\/evenement\/5429","targetHints":{"allow":["GET"]}}],"collection":[{"href":"https:\/\/afcytometrie.fr\/en\/wp-json\/wp\/v2\/evenement"}],"about":[{"href":"https:\/\/afcytometrie.fr\/en\/wp-json\/wp\/v2\/types\/evenement"}],"wp:attachment":[{"href":"https:\/\/afcytometrie.fr\/en\/wp-json\/wp\/v2\/media?parent=5429"}],"wp:term":[{"taxonomy":"typesevenement","embeddable":true,"href":"https:\/\/afcytometrie.fr\/en\/wp-json\/wp\/v2\/typesevenement?post=5429"}],"curies":[{"name":"wp","href":"https:\/\/api.w.org\/{rel}","templated":true}]}}